{"id":48,"date":"2021-04-19T01:20:42","date_gmt":"2021-04-19T01:20:42","guid":{"rendered":"http:\/\/joserosero.com\/?page_id=48"},"modified":"2026-01-28T18:47:39","modified_gmt":"2026-01-28T18:47:39","slug":"sobre-mi","status":"publish","type":"page","link":"https:\/\/joserosero.com\/en\/sobre-mi\/","title":{"rendered":"About"},"content":{"rendered":"<div data-elementor-type=\"wp-page\" data-elementor-id=\"48\" class=\"elementor elementor-48\" data-elementor-post-type=\"page\">\n\t\t\t\t\t\t<section class=\"elementor-section elementor-top-section elementor-element elementor-element-640120d elementor-section-boxed elementor-section-height-default elementor-section-height-default\" data-id=\"640120d\" data-element_type=\"section\" data-e-type=\"section\">\n\t\t\t\t\t\t<div class=\"elementor-container elementor-column-gap-default\">\n\t\t\t\t\t<div class=\"elementor-column elementor-col-50 elementor-top-column elementor-element elementor-element-b27a72b\" data-id=\"b27a72b\" data-element_type=\"column\" data-e-type=\"column\">\n\t\t\t<div class=\"elementor-widget-wrap elementor-element-populated\">\n\t\t\t\t\t\t<div class=\"elementor-element elementor-element-e059917 elementor-widget elementor-widget-image\" data-id=\"e059917\" data-element_type=\"widget\" data-e-type=\"widget\" data-widget_type=\"image.default\">\n\t\t\t\t<div class=\"elementor-widget-container\">\n\t\t\t\t\t\t\t\t\t\t\t\t\t\t\t<img decoding=\"async\" src=\"https:\/\/joserosero.com\/wp-content\/uploads\/elementor\/thumbs\/ROSERO-p7cs36uq7jootv0br0bowmwes0gdw0wm1yeh6du328.jpg\" title=\"AUTORRETRATO\" alt=\"AUTORRETRATO\" loading=\"lazy\" \/>\t\t\t\t\t\t\t\t\t\t\t\t\t\t\t<\/div>\n\t\t\t\t<\/div>\n\t\t\t\t\t<\/div>\n\t\t<\/div>\n\t\t\t\t<div class=\"elementor-column elementor-col-50 elementor-top-column elementor-element elementor-element-ed8f587\" data-id=\"ed8f587\" data-element_type=\"column\" data-e-type=\"column\">\n\t\t\t<div class=\"elementor-widget-wrap elementor-element-populated\">\n\t\t\t\t\t\t<div class=\"elementor-element elementor-element-37927e7 elementor-widget elementor-widget-heading\" data-id=\"37927e7\" data-element_type=\"widget\" data-e-type=\"widget\" data-widget_type=\"heading.default\">\n\t\t\t\t<div class=\"elementor-widget-container\">\n\t\t\t\t\t<h2 class=\"elementor-heading-title elementor-size-default\">JOSE ROSERO<\/h2>\t\t\t\t<\/div>\n\t\t\t\t<\/div>\n\t\t\t\t<div class=\"elementor-element elementor-element-d47b960 elementor-widget elementor-widget-text-editor\" data-id=\"d47b960\" data-element_type=\"widget\" data-e-type=\"widget\" data-widget_type=\"text-editor.default\">\n\t\t\t\t<div class=\"elementor-widget-container\">\n\t\t\t\t\t\t\t\t\t<p class=\"translation-block\">Jos\u00e9 Rosero es artista visual colombiano. Sus obras han sido publicadas en diferentes revistas, peri\u00f3dicos y editoriales. Tambi\u00e9n ha realizado exposiciones en distintos espacios dentro y fuera de Colombia, adem\u00e1s de haber obtenido reconocimientos en Colombia, Italia, M\u00e9xico, Jap\u00f3n, Corea y EE.UU. Ha dictado talleres y conferencias basadas en investigaciones propias en ocho pa\u00edses, adem\u00e1s de ser director del espacio&nbsp;<span style=\"color: #00abbf;\"><strong>Casatinta<\/strong><\/span> en Bogot\u00e1- Colombia, una casa dedicada a la ilustraci\u00f3n y las artes visuales. Para Rosero el arte es como un compendio de idiomas, donde cada idioma puede ser aprendido y llevado a interactuar con otros. Es por eso que su trabajo lo ha venido desarrollando en pintura, dibujo, ilustraci\u00f3n, docencia y gesti\u00f3n cultural, con acercamientos a la escultura, la fotograf\u00eda y las artes esc\u00e9nicas. Para Rosero el artista debe ser un pol\u00edglota, ya que una pregunta tiene siempre m\u00e1s de una respuesta, y explorando las artes se pueden encontrar las m\u00e1s variadas formas de responder.<\/p>\t\t\t\t\t\t\t\t<\/div>\n\t\t\t\t<\/div>\n\t\t\t\t\t<\/div>\n\t\t<\/div>\n\t\t\t\t\t<\/div>\n\t\t<\/section>\n\t\t\t\t<section class=\"elementor-section elementor-top-section elementor-element elementor-element-3107013 elementor-section-boxed elementor-section-height-default elementor-section-height-default\" data-id=\"3107013\" data-element_type=\"section\" data-e-type=\"section\">\n\t\t\t\t\t\t<div class=\"elementor-container elementor-column-gap-default\">\n\t\t\t\t\t<div class=\"elementor-column elementor-col-100 elementor-top-column elementor-element elementor-element-a88653b\" data-id=\"a88653b\" data-element_type=\"column\" data-e-type=\"column\">\n\t\t\t<div class=\"elementor-widget-wrap elementor-element-populated\">\n\t\t\t\t\t\t<div class=\"elementor-element elementor-element-06cccd3 elementor-widget elementor-widget-heading\" data-id=\"06cccd3\" data-element_type=\"widget\" data-e-type=\"widget\" data-widget_type=\"heading.default\">\n\t\t\t\t<div class=\"elementor-widget-container\">\n\t\t\t\t\t<h2 class=\"elementor-heading-title elementor-size-default\">EXHIBITIONS<\/h2>\t\t\t\t<\/div>\n\t\t\t\t<\/div>\n\t\t\t\t<div class=\"elementor-element elementor-element-f73ace6 elementor-widget elementor-widget-toggle\" data-id=\"f73ace6\" data-element_type=\"widget\" data-e-type=\"widget\" data-widget_type=\"toggle.default\">\n\t\t\t\t<div class=\"elementor-widget-container\">\n\t\t\t\t\t\t\t<div class=\"elementor-toggle\">\n\t\t\t\t\t\t\t<div class=\"elementor-toggle-item\">\n\t\t\t\t\t<div id=\"elementor-tab-title-2591\" class=\"elementor-tab-title\" data-tab=\"1\" role=\"button\" aria-controls=\"elementor-tab-content-2591\" aria-expanded=\"false\">\n\t\t\t\t\t\t\t\t\t\t\t\t<span class=\"elementor-toggle-icon elementor-toggle-icon-left\" aria-hidden=\"true\">\n\t\t\t\t\t\t\t\t\t\t\t\t\t\t\t<span class=\"elementor-toggle-icon-closed\"><i class=\"fas fa-caret-right\"><\/i><\/span>\n\t\t\t\t\t\t\t\t<span class=\"elementor-toggle-icon-opened\"><i class=\"elementor-toggle-icon-opened fas fa-caret-up\"><\/i><\/span>\n\t\t\t\t\t\t\t\t\t\t\t\t\t<\/span>\n\t\t\t\t\t\t\t\t\t\t\t\t<a class=\"elementor-toggle-title\" tabindex=\"0\">2014 - 2025<\/a>\n\t\t\t\t\t<\/div>\n\n\t\t\t\t\t<div id=\"elementor-tab-content-2591\" class=\"elementor-tab-content elementor-clearfix\" data-tab=\"1\" role=\"region\" aria-labelledby=\"elementor-tab-title-2591\"><h4 class=\"p1\" style=\"text-align: center;\"><span class=\"s1\" style=\"color: #ff6600;\"><b>2025<\/b><\/span><\/h4><h5 class=\"p2\" style=\"text-align: center;\"><strong>Colectiva<span class=\"Apple-converted-space\">\u00a0 <\/span>ITERACIONES <\/strong>\u00a0Galeria Vertigo<\/h5><p class=\"p2\" style=\"text-align: center;\">Bogot\u00e1 \/ Diciembre<\/p><h5 class=\"p2\" style=\"text-align: center;\">Colectiva<span class=\"Apple-converted-space\">\u00a0 <\/span>ARTBO con Galeria Vertigo<\/h5><p class=\"p3\" style=\"text-align: center;\">Bogot\u00e1 \/ Septiembre<\/p><h5 class=\"p2\" style=\"text-align: center;\">Colectiva<span class=\"Apple-converted-space\">\u00a0 <\/span>\u201cLENGUAJES EN PAPEL\u201d<\/h5><p class=\"p3\" style=\"text-align: center;\">Galer\u00eda El Museo<\/p><p class=\"p3\" style=\"text-align: center;\">Bogot\u00e1 \/ Enero<\/p><h4 class=\"p1\" style=\"text-align: center;\"><span class=\"s1\" style=\"color: #ff6600;\"><b>2024<\/b><\/span><\/h4><h5 class=\"p2\" style=\"text-align: center;\">Colectiva<span class=\"Apple-converted-space\">\u00a0 <\/span>\u201cLENGUAJES EN PAPEL\u201d<\/h5><p class=\"p3\" style=\"text-align: center;\">Galer\u00eda El Museo<\/p><p class=\"p3\" style=\"text-align: center;\">Bogot\u00e1 \/ Enero<\/p><h5 class=\"p2\" style=\"text-align: center;\">Colectiva<span class=\"Apple-converted-space\">\u00a0 <\/span>\u201cRESISTENCIAS\u201d<\/h5><p class=\"p3\" style=\"text-align: center;\">Galer\u00eda UPTC<\/p><p class=\"p3\" style=\"text-align: center;\">Bogot\u00e1 \/ Ago<\/p><h5 class=\"p2\" style=\"text-align: center;\">Colectiva<span class=\"Apple-converted-space\">\u00a0 <\/span>\u201cVERTIGO\u201d<\/h5><p class=\"p3\" style=\"text-align: center;\">Galer\u00eda Vertigo contemporary<\/p><p class=\"p3\" style=\"text-align: center;\">Bogot\u00e1 \/ Sept<\/p><h5 class=\"p2\" style=\"text-align: center;\">Colectiva<span class=\"Apple-converted-space\">\u00a0 <\/span>\u201cFERIA DEL MILL\u00d3N\u201d<\/h5><p class=\"p3\" style=\"text-align: center;\">Bogot\u00e1 \/ Oct<\/p><h4 class=\"p1\" style=\"text-align: center;\"><span class=\"s1\" style=\"color: #ff6600;\"><b>2023<\/b><\/span><\/h4><h5 class=\"p2\" style=\"text-align: center;\">Feria<span class=\"Apple-converted-space\">\u00a0 <\/span>ART WYNWOOD<\/h5><p class=\"p3\" style=\"text-align: center;\">Miami \/ Enero<\/p><h5 class=\"p2\" style=\"text-align: center;\">Colectiva<span class=\"Apple-converted-space\">\u00a0 <\/span>\u201cNOS UNE EL PAISAJE\u201d<\/h5><p class=\"p3\" style=\"text-align: center;\">Galer\u00eda Lolita<\/p><p class=\"p3\" style=\"text-align: center;\">Bogot\u00e1 \/ Febrero<\/p><h4 class=\"p1\" style=\"text-align: center;\"><span class=\"s1\" style=\"color: #ff6600;\"><b>2022<\/b><\/span><\/h4><h5 class=\"p2\" style=\"text-align: center;\">Colectiva<span class=\"Apple-converted-space\">\u00a0 <\/span>\u201cENTRE REALISMOS\u201d<\/h5><p class=\"p3\" style=\"text-align: center;\">Galer\u00eda Lolita<\/p><p class=\"p3\" style=\"text-align: center;\">Bogot\u00e1 \/ Agosto<\/p><h4 class=\"p1\" style=\"text-align: center;\"><span class=\"s1\" style=\"color: #ff6600;\"><b>2021<\/b><\/span><\/h4><h5 class=\"p2\" style=\"text-align: center;\">Colectiva<span class=\"Apple-converted-space\">\u00a0 <\/span>\u201cFERIA DEL MILL\u00d3N\u201d<\/h5><p class=\"p3\" style=\"text-align: center;\">Medell\u00edn \/ Diciembre<\/p><h4 class=\"p2\" style=\"text-align: center;\">Individual<span class=\"Apple-converted-space\">\u00a0 <\/span>\u201cCLOUDSCAPE\u201d<\/h4><p class=\"p3\" style=\"text-align: center;\">Huberty &amp; Breyne Gallery<\/p><p class=\"p3\" style=\"text-align: center;\">Bruselas &#8211; B\u00e9lgica<span class=\"Apple-converted-space\">\u00a0 <\/span>\/ Noviembre<\/p><h5 class=\"p2\" style=\"text-align: center;\">Colectiva<span class=\"Apple-converted-space\">\u00a0 <\/span>\u201cPINTURA INMORTAL\u201d<\/h5><p class=\"p3\" style=\"text-align: center;\">Galer\u00eda El Museo<\/p><p class=\"p3\" style=\"text-align: center;\">Bogot\u00e1 \/ Mayo<\/p><h4 class=\"p1\" style=\"text-align: center;\"><span class=\"s1\" style=\"color: #ff6600;\"><b>2019<\/b><\/span><\/h4><h5 class=\"p2\" style=\"text-align: center;\">Individual<span class=\"Apple-converted-space\">\u00a0 <\/span>\u201cESPLENDOR\u201d<\/h5><p class=\"p3\" style=\"text-align: center;\">CasaTinta<\/p><p class=\"p3\" style=\"text-align: center;\">Bogot\u00e1 \/ Octubre<\/p><h5 class=\"p2\" style=\"text-align: center;\">Colectiva<span class=\"Apple-converted-space\">\u00a0 <\/span>\u201cFERIA DEL MILL\u00d3N\u201d<\/h5><p class=\"p3\" style=\"text-align: center;\">Ruinas hospital San Juan de Dios<\/p><p class=\"p3\" style=\"text-align: center;\">Bogot\u00e1 \/ Septiembre<\/p><h5 class=\"p2\" style=\"text-align: center;\">Colectiva<span class=\"Apple-converted-space\">\u00a0 <\/span>\u201cXII SAL\u00d3N ARTE JOVEN\u201d<\/h5><p class=\"p3\" style=\"text-align: center;\">Finalistas \/ Galer\u00eda Nueve Ochenta<\/p><p class=\"p3\" style=\"text-align: center;\">Bogot\u00e1 &#8211; Colombia \/ Agosto<\/p><h5 class=\"p2\" style=\"text-align: center;\">Colectiva<span class=\"Apple-converted-space\">\u00a0 <\/span>\u201cMALAMEGI LAB FINALIST\u201d<\/h5><p class=\"p3\" style=\"text-align: center;\">Hernandez Art Gallery<\/p><p class=\"p3\" style=\"text-align: center;\">Mil\u00e1n &#8211; Italia \/ Junio<\/p><h4 class=\"p1\" style=\"text-align: center;\"><span class=\"s1\" style=\"color: #ff6600;\"><b>2018<\/b><\/span><\/h4><h5 class=\"p2\" style=\"text-align: center;\">Individual<span class=\"Apple-converted-space\">\u00a0 <\/span>\u201cESPLENDOR\u201d<\/h5><p class=\"p3\" style=\"text-align: center;\">Museo Quinta de San Pedro Alejandrino<\/p><p class=\"p3\" style=\"text-align: center;\">Santamarta \/ Octubre<\/p><h5 class=\"p2\" style=\"text-align: center;\">Colectiva<span class=\"Apple-converted-space\">\u00a0 <\/span>\u201cSPOTLIGHTS\u201d<\/h5><p class=\"p3\" style=\"text-align: center;\">Feria de arte Barc\u00fa<\/p><p class=\"p3\" style=\"text-align: center;\">Bogot\u00e1 \/ Octubre<\/p><h5 class=\"p2\" style=\"text-align: center;\">Colectiva<span class=\"Apple-converted-space\">\u00a0 <\/span>\u201cMODOS DE HACER\u201d<\/h5><p class=\"p3\" style=\"text-align: center;\">Sala de exposiciones U. Javeriana<\/p><p class=\"p3\" style=\"text-align: center;\">Bogot\u00e1 \/ Septiembre<\/p><h5 class=\"p2\" style=\"text-align: center;\">Individual<span class=\"Apple-converted-space\">\u00a0 <\/span>\u201cPALACIO DE LA MEMORIA\u201d<\/h5><p class=\"p3\" style=\"text-align: center;\">Sala de exposiciones Colombo Americano<\/p><p class=\"p3\" style=\"text-align: center;\">Pereira \/ Mayo<\/p><h5 class=\"p2\" style=\"text-align: center;\">Colectiva<span class=\"Apple-converted-space\">\u00a0 <\/span>\u201cFERIA DE ARTE DE LA SABANA\u201d<\/h5><p class=\"p3\" style=\"text-align: center;\">Sala de exposiciones Conexpo Chia<\/p><p class=\"p3\" style=\"text-align: center;\">Bogot\u00e1 \/ Marzo<\/p><h4 class=\"p1\" style=\"text-align: center;\"><span class=\"s1\" style=\"color: #ff6600;\"><b>2017<\/b><\/span><\/h4><h5 class=\"p2\" style=\"text-align: center;\">Individual<span class=\"Apple-converted-space\">\u00a0 <\/span>\u201cPALACIO DE LA MEMORIA\u201d<\/h5><p class=\"p3\" style=\"text-align: center;\">CasaTinta<\/p><p class=\"p3\" style=\"text-align: center;\">Bogot\u00e1 \/ Septiembre<\/p><h5 class=\"p2\" style=\"text-align: center;\">Colectiva<span class=\"Apple-converted-space\">\u00a0 <\/span>\u201cXI SUBASTA ARTE DE LOS H\u00c9ROES\u201d<\/h5><p class=\"p3\" style=\"text-align: center;\">Sala de exposiciones Club el NOGAL<\/p><p class=\"p3\" style=\"text-align: center;\">Bogot\u00e1 \/ Mayo<\/p><h5 class=\"p2\" style=\"text-align: center;\">Colectiva<span class=\"Apple-converted-space\">\u00a0 <\/span>\u201cARTISTAS P\u00c0TR\u00d3N\u201d<\/h5><p class=\"p3\" style=\"text-align: center;\">Sala de exposiciones Ed. Colpatria<\/p><p class=\"p3\" style=\"text-align: center;\">Bogot\u00e1 \/ Febrero<\/p><h4 class=\"p1\" style=\"text-align: center;\"><span class=\"s1\" style=\"color: #ff6600;\"><b>2016<\/b><\/span><\/h4><h5 class=\"p2\" style=\"text-align: center;\">Colectiva<span class=\"Apple-converted-space\">\u00a0 <\/span>\u201cDESDE LA PINTURA\u201d<\/h5><p class=\"p3\" style=\"text-align: center;\">Sala de exposiciones Universidad Javeriana<\/p><p class=\"p3\" style=\"text-align: center;\">Bogot\u00e1 \/ mayo<\/p><h4 class=\"p1\" style=\"text-align: center;\"><span class=\"s1\" style=\"color: #ff6600;\"><b>2015<\/b><\/span><\/h4><h5 class=\"p2\" style=\"text-align: center;\">Individual<span class=\"Apple-converted-space\">\u00a0 <\/span>\u201cCLARICE ERA UNA REINA\u201d<\/h5><p class=\"p3\" style=\"text-align: center;\">ESPACIO DONCELES 66<\/p><p class=\"p3\" style=\"text-align: center;\">Mexico DF \/ Diciembre<\/p><h5 class=\"p2\" style=\"text-align: center;\">Colectiva \u201cANTIDOTO 2 y 3\u201d<\/h5><p class=\"p2\" style=\"text-align: center;\">Bogot\u00e1 \/ Junio y Diciembre<\/p><h5 class=\"p2\" style=\"text-align: center;\">Colectiva \u201cFRENTE AL OTRO\u201d<\/h5><p class=\"p3\" style=\"text-align: center;\">Dibujos del posconflicto<\/p><p class=\"p3\" style=\"text-align: center;\">ARCO<\/p><p class=\"p3\" style=\"text-align: center;\">Madrid \/ Febrero<\/p><h4 class=\"p1\" style=\"text-align: center;\"><span class=\"s1\" style=\"color: #ff6600;\"><b>2014<\/b><\/span><\/h4><h5 class=\"p2\" style=\"text-align: center;\">Colectiva \u201cNUMINA\u201d<\/h5><p class=\"p3\" style=\"text-align: center;\">Danza contempor\u00e1nea e ilustraci\u00f3n<\/p><p class=\"p3\" style=\"text-align: center;\">Bogot\u00e1 \/ Noviembre<\/p><h5 class=\"p2\" style=\"text-align: center;\">Colectiva \u201cDETONANTES\u201d<\/h5><p class=\"p3\" style=\"text-align: center;\">Danza contempor\u00e1nea e ilustraci\u00f3n<\/p><p class=\"p3\" style=\"text-align: center;\">Bogot\u00e1 \/ Septiembre<\/p><\/div>\n\t\t\t\t<\/div>\n\t\t\t\t\t\t\t\t<\/div>\n\t\t\t\t\t\t<\/div>\n\t\t\t\t<\/div>\n\t\t\t\t\t<\/div>\n\t\t<\/div>\n\t\t\t\t\t<\/div>\n\t\t<\/section>\n\t\t\t\t<\/div>","protected":false},"excerpt":{"rendered":"<p>JOSE ROSERO Jos\u00e9 Rosero es artista visual colombiano. Sus obras han sido publicadas en diferentes revistas, peri\u00f3dicos y editoriales. Tambi\u00e9n ha realizado exposiciones en distintos espacios dentro y fuera de Colombia, adem\u00e1s de haber obtenido reconocimientos en Colombia, Italia, M\u00e9xico, Jap\u00f3n, Corea y EE.UU. Ha dictado talleres y conferencias basadas en investigaciones propias en ocho [&hellip;]<\/p>","protected":false},"author":1,"featured_media":0,"parent":0,"menu_order":0,"comment_status":"closed","ping_status":"closed","template":"elementor_theme","meta":{"footnotes":""},"folder":[],"class_list":["post-48","page","type-page","status-publish","hentry"],"aioseo_notices":[],"_links":{"self":[{"href":"https:\/\/joserosero.com\/en\/wp-json\/wp\/v2\/pages\/48","targetHints":{"allow":["GET"]}}],"collection":[{"href":"https:\/\/joserosero.com\/en\/wp-json\/wp\/v2\/pages"}],"about":[{"href":"https:\/\/joserosero.com\/en\/wp-json\/wp\/v2\/types\/page"}],"author":[{"embeddable":true,"href":"https:\/\/joserosero.com\/en\/wp-json\/wp\/v2\/users\/1"}],"replies":[{"embeddable":true,"href":"https:\/\/joserosero.com\/en\/wp-json\/wp\/v2\/comments?post=48"}],"version-history":[{"count":8,"href":"https:\/\/joserosero.com\/en\/wp-json\/wp\/v2\/pages\/48\/revisions"}],"predecessor-version":[{"id":1279,"href":"https:\/\/joserosero.com\/en\/wp-json\/wp\/v2\/pages\/48\/revisions\/1279"}],"wp:attachment":[{"href":"https:\/\/joserosero.com\/en\/wp-json\/wp\/v2\/media?parent=48"}],"wp:term":[{"taxonomy":"folder","embeddable":true,"href":"https:\/\/joserosero.com\/en\/wp-json\/wp\/v2\/folder?post=48"}],"curies":[{"name":"wp","href":"https:\/\/api.w.org\/{rel}","templated":true}]}}